{"id":25351,"date":"2025-10-14T16:38:56","date_gmt":"2025-10-14T14:38:56","guid":{"rendered":"https:\/\/vinkompassen.se\/?post_type=campaign&#038;p=25351"},"modified":"2025-11-10T15:31:23","modified_gmt":"2025-11-10T14:31:23","slug":"cote-mas-sauvignon-vermentino","status":"publish","type":"campaign","link":"https:\/\/vinkompassen.se\/kampanj\/cote-mas-sauvignon-vermentino\/","title":{"rendered":"Cote Mas Sauvignon Vermentino"},"content":{"rendered":"\n<p><\/p>\n\n\n\n<h4 class=\"wp-block-heading has-text-align-center\">Paul Mas lanserar nytt vitt vin <br>&#8211; med inspiration fr\u00e5n Medelhavet<\/h4>\n\n\n\n<p><strong>Fr\u00e5n skaparna av sommarens succ\u00e9-ros\u00e9* kommer nu en vit nyhet &#8211; C\u00f4t\u00e9 Mas Sauvignon Vermentino!<\/strong><\/p>\n\n\n\n<p>Sauvignon blanc och vermentino i kombination g\u00f6r det h\u00e4r vinet fyllt av torr och frisk fruktighet, rund fyllighet och en perfekt balans. Druvorna v\u00e4xer i de natursk\u00f6na ving\u00e5rdarna i Languedoc och h\u00e4r vid Medelhavet, i en jordm\u00e5n best\u00e5ende av ler- och kalksten, f\u00e5r druvorna mogna l\u00e5ngsamt i den franska solen.<\/p>\n\n\n\n<p>C\u00f4t\u00e9 Mas Sauvignon Vermentino doftar av vita blommor, persika och p\u00e4ron. Smaken \u00e4r fruktig, rik och livlig, med en fyllighet som balanseras v\u00e4l och dr\u00f6jer kvar l\u00e4nge. Serveras b\u00e4st vid 8 \u00b0C och passar utm\u00e4rkt till fiskr\u00e4tter, kyckling, curry och l\u00e4ttare m\u00e5ltider \u2013 men \u00e4r \u00e4ven utm\u00e4rkt att avnjuta p\u00e5 egen hand.<\/p>\n\n\n\n<p><strong>En nyt\u00e4nkande producent<\/strong><br>Les Domaines Paul Mas i Languedoc \u00e4r resultatet av Jean-Claude Mas passion f\u00f6r vin. Som fj\u00e4rde generationens vinmakare f\u00f6ddes Jean-Claude i P\u00e9zenas, i s\u00f6dra Frankrike, och v\u00e4xte bokstavligen upp bland vinrankorna. Redan som tre\u00e5ring smet han i v\u00e4g till vineriet f\u00f6r att vara med i processen. Hans passion och engagemang har sedan dess format hans resa till att bli en av pionj\u00e4rerna f\u00f6r \u201ddet nya Languedoc\u201d, ett omr\u00e5de som idag blomstrar delvis tack vare hans innovativa arbete.<\/p>\n\n\n\n<p>Med en l\u00e5ng vintradition och en passion f\u00f6r detaljer s\u00e4kerst\u00e4ller Jean-Claude Mas att varje steg i vinframst\u00e4llningen, fr\u00e5n besk\u00e4rning till lagring, bidrar till att bevara vinets naturliga fruktighet och aromer.<\/p>\n\n\n\n<p><strong>Frankrikes b\u00e4sta vinproducent enligt Mundus Vini Spring Tasting 2024<\/strong><br>En utm\u00e4rkelse som visar p\u00e5 ving\u00e5rdens engagemang \u00f6ver tid. Under \u00e5rens lopp har Domaines Paul Mas fr\u00e5n Languedoc i s\u00f6dra Frankrike tagit emot flera prestigefulla utm\u00e4rkelser i den internationella vint\u00e4vlingen Mundus Vini. Alla utm\u00e4rkelser sammantaget visar p\u00e5 kontinuerligt h\u00f6gt kvalitetsarbete i ving\u00e5rden och stort engagemang f\u00f6r innovation, samtidigt med respekt f\u00f6r tradition inom vinodling och vinproduktion.<\/p>\n\n\n\n<p>*<em>C\u00f4t\u00e9 Mas Ros\u00e9 \u00f6kade under juni, juli, augusti med 37,9% j\u00e4mf\u00f6rt med samma period f\u00f6reg\u00e5ende \u00e5r.<\/em><\/p>\n\n\n\n<figure class=\"wp-block-image size-large\"><img loading=\"lazy\" decoding=\"async\" width=\"1024\" height=\"572\" src=\"https:\/\/vinkompassen.se\/app\/uploads\/2025\/10\/PaulMas-MundusVini-1-1024x572.jpg\" alt=\"\" class=\"wp-image-25408\" srcset=\"https:\/\/vinkompassen.se\/app\/uploads\/2025\/10\/PaulMas-MundusVini-1-1024x572.jpg 1024w, https:\/\/vinkompassen.se\/app\/uploads\/2025\/10\/PaulMas-MundusVini-1-300x168.jpg 300w, https:\/\/vinkompassen.se\/app\/uploads\/2025\/10\/PaulMas-MundusVini-1-768x429.jpg 768w, https:\/\/vinkompassen.se\/app\/uploads\/2025\/10\/PaulMas-MundusVini-1.jpg 1059w\" sizes=\"(max-width: 1024px) 100vw, 1024px\" \/><\/figure>\n","protected":false},"featured_media":0,"template":"","class_list":["post-25351","campaign","type-campaign","status-publish","hentry"],"acf":[],"yoast_head":"<!-- This site is optimized with the Yoast SEO plugin v21.2 - https:\/\/yoast.com\/wordpress\/plugins\/seo\/ -->\n<title>Cote Mas Sauvignon Vermentino - Vinkompassen<\/title>\n<meta name=\"robots\" content=\"index, follow, max-snippet:-1, max-image-preview:large, max-video-preview:-1\" \/>\n<link rel=\"canonical\" href=\"https:\/\/vinkompassen.se\/kampanj\/cote-mas-sauvignon-vermentino\/\" \/>\n<meta property=\"og:locale\" content=\"sv_SE\" \/>\n<meta property=\"og:type\" content=\"article\" \/>\n<meta property=\"og:title\" content=\"Cote Mas Sauvignon Vermentino - Vinkompassen\" \/>\n<meta property=\"og:description\" content=\"Paul Mas lanserar nytt vitt vin &#8211; med inspiration fr\u00e5n Medelhavet Fr\u00e5n skaparna av sommarens succ\u00e9-ros\u00e9* kommer nu en vit nyhet &#8211; C\u00f4t\u00e9 Mas Sauvignon Vermentino! Sauvignon blanc och vermentino i kombination g\u00f6r det h\u00e4r vinet fyllt av torr och frisk fruktighet, rund fyllighet och en perfekt balans. Druvorna v\u00e4xer i de natursk\u00f6na ving\u00e5rdarna i [&hellip;]\" \/>\n<meta property=\"og:url\" content=\"https:\/\/vinkompassen.se\/kampanj\/cote-mas-sauvignon-vermentino\/\" \/>\n<meta property=\"og:site_name\" content=\"Vinkompassen\" \/>\n<meta property=\"article:modified_time\" content=\"2025-11-10T14:31:23+00:00\" \/>\n<meta property=\"og:image\" content=\"https:\/\/vinkompassen.se\/app\/uploads\/2025\/10\/PaulMas-MundusVini-1-1024x572.jpg\" \/>\n<meta name=\"twitter:card\" content=\"summary_large_image\" \/>\n<meta name=\"twitter:label1\" content=\"Est. reading time\" \/>\n\t<meta name=\"twitter:data1\" content=\"2 minuter\" \/>\n<script type=\"application\/ld+json\" class=\"yoast-schema-graph\">{\"@context\":\"https:\/\/schema.org\",\"@graph\":[{\"@type\":\"WebPage\",\"@id\":\"https:\/\/vinkompassen.se\/kampanj\/cote-mas-sauvignon-vermentino\/\",\"url\":\"https:\/\/vinkompassen.se\/kampanj\/cote-mas-sauvignon-vermentino\/\",\"name\":\"Cote Mas Sauvignon Vermentino - Vinkompassen\",\"isPartOf\":{\"@id\":\"https:\/\/spritkompassen.se\/#website\"},\"datePublished\":\"2025-10-14T14:38:56+00:00\",\"dateModified\":\"2025-11-10T14:31:23+00:00\",\"breadcrumb\":{\"@id\":\"https:\/\/vinkompassen.se\/kampanj\/cote-mas-sauvignon-vermentino\/#breadcrumb\"},\"inLanguage\":\"sv-SE\",\"potentialAction\":[{\"@type\":\"ReadAction\",\"target\":[\"https:\/\/vinkompassen.se\/kampanj\/cote-mas-sauvignon-vermentino\/\"]}]},{\"@type\":\"BreadcrumbList\",\"@id\":\"https:\/\/vinkompassen.se\/kampanj\/cote-mas-sauvignon-vermentino\/#breadcrumb\",\"itemListElement\":[{\"@type\":\"ListItem\",\"position\":1,\"name\":\"Home\",\"item\":\"https:\/\/spritkompassen.se\/\"},{\"@type\":\"ListItem\",\"position\":2,\"name\":\"Cote Mas Sauvignon Vermentino\"}]},{\"@type\":\"WebSite\",\"@id\":\"https:\/\/spritkompassen.se\/#website\",\"url\":\"https:\/\/spritkompassen.se\/\",\"name\":\"Vinkompassen\",\"description\":\"\",\"potentialAction\":[{\"@type\":\"SearchAction\",\"target\":{\"@type\":\"EntryPoint\",\"urlTemplate\":\"https:\/\/spritkompassen.se\/?s={search_term_string}\"},\"query-input\":\"required name=search_term_string\"}],\"inLanguage\":\"sv-SE\"}]}<\/script>\n<!-- \/ Yoast SEO plugin. -->","yoast_head_json":{"title":"Cote Mas Sauvignon Vermentino - Vinkompassen","robots":{"index":"index","follow":"follow","max-snippet":"max-snippet:-1","max-image-preview":"max-image-preview:large","max-video-preview":"max-video-preview:-1"},"canonical":"https:\/\/vinkompassen.se\/kampanj\/cote-mas-sauvignon-vermentino\/","og_locale":"sv_SE","og_type":"article","og_title":"Cote Mas Sauvignon Vermentino - Vinkompassen","og_description":"Paul Mas lanserar nytt vitt vin &#8211; med inspiration fr\u00e5n Medelhavet Fr\u00e5n skaparna av sommarens succ\u00e9-ros\u00e9* kommer nu en vit nyhet &#8211; C\u00f4t\u00e9 Mas Sauvignon Vermentino! Sauvignon blanc och vermentino i kombination g\u00f6r det h\u00e4r vinet fyllt av torr och frisk fruktighet, rund fyllighet och en perfekt balans. Druvorna v\u00e4xer i de natursk\u00f6na ving\u00e5rdarna i [&hellip;]","og_url":"https:\/\/vinkompassen.se\/kampanj\/cote-mas-sauvignon-vermentino\/","og_site_name":"Vinkompassen","article_modified_time":"2025-11-10T14:31:23+00:00","og_image":[{"url":"https:\/\/vinkompassen.se\/app\/uploads\/2025\/10\/PaulMas-MundusVini-1-1024x572.jpg"}],"twitter_card":"summary_large_image","twitter_misc":{"Est. reading time":"2 minuter"},"schema":{"@context":"https:\/\/schema.org","@graph":[{"@type":"WebPage","@id":"https:\/\/vinkompassen.se\/kampanj\/cote-mas-sauvignon-vermentino\/","url":"https:\/\/vinkompassen.se\/kampanj\/cote-mas-sauvignon-vermentino\/","name":"Cote Mas Sauvignon Vermentino - Vinkompassen","isPartOf":{"@id":"https:\/\/spritkompassen.se\/#website"},"datePublished":"2025-10-14T14:38:56+00:00","dateModified":"2025-11-10T14:31:23+00:00","breadcrumb":{"@id":"https:\/\/vinkompassen.se\/kampanj\/cote-mas-sauvignon-vermentino\/#breadcrumb"},"inLanguage":"sv-SE","potentialAction":[{"@type":"ReadAction","target":["https:\/\/vinkompassen.se\/kampanj\/cote-mas-sauvignon-vermentino\/"]}]},{"@type":"BreadcrumbList","@id":"https:\/\/vinkompassen.se\/kampanj\/cote-mas-sauvignon-vermentino\/#breadcrumb","itemListElement":[{"@type":"ListItem","position":1,"name":"Home","item":"https:\/\/spritkompassen.se\/"},{"@type":"ListItem","position":2,"name":"Cote Mas Sauvignon Vermentino"}]},{"@type":"WebSite","@id":"https:\/\/spritkompassen.se\/#website","url":"https:\/\/spritkompassen.se\/","name":"Vinkompassen","description":"","potentialAction":[{"@type":"SearchAction","target":{"@type":"EntryPoint","urlTemplate":"https:\/\/spritkompassen.se\/?s={search_term_string}"},"query-input":"required name=search_term_string"}],"inLanguage":"sv-SE"}]}},"_links":{"self":[{"href":"https:\/\/vinkompassen.se\/api\/wp\/v2\/campaign\/25351"}],"collection":[{"href":"https:\/\/vinkompassen.se\/api\/wp\/v2\/campaign"}],"about":[{"href":"https:\/\/vinkompassen.se\/api\/wp\/v2\/types\/campaign"}],"wp:attachment":[{"href":"https:\/\/vinkompassen.se\/api\/wp\/v2\/media?parent=25351"}],"curies":[{"name":"wp","href":"https:\/\/api.w.org\/{rel}","templated":true}]}}